{"id":177,"date":"2026-04-16T11:19:18","date_gmt":"2026-04-16T11:19:18","guid":{"rendered":"https:\/\/elenagarciaprocuradora.com\/?page_id=177"},"modified":"2026-04-17T07:46:46","modified_gmt":"2026-04-17T07:46:46","slug":"sobre-mi","status":"publish","type":"page","link":"https:\/\/elenagarciaprocuradora.com\/index.php\/sobre-mi\/","title":{"rendered":"Sobre m\u00ed"},"content":{"rendered":"\n<div class=\"wp-block-group alignwide is-layout-grid wp-container-core-group-is-layout-5fdb10e5 wp-block-group-is-layout-grid\" style=\"padding-top:var(--wp--preset--spacing--50);padding-bottom:var(--wp--preset--spacing--50)\">\n<div class=\"wp-block-group is-vertical is-content-justification-stretch is-nowrap is-layout-flex wp-container-core-group-is-layout-627337ab wp-block-group-is-layout-flex\">\n<div class=\"wp-block-group is-vertical is-content-justification-left is-layout-flex wp-container-core-group-is-layout-dd225191 wp-block-group-is-layout-flex\">\n<h2 class=\"wp-block-heading is-style-text-annotation has-medium-font-size is-style-text-annotation--1\"><strong>Sobre m\u00ed<\/strong><\/h2>\n\n\n\n<p class=\"has-small-font-size\">Soy procuradora de los tribunales y desarrollo mi actividad profesional en las provincias de Barcelona, Girona y Madrid, ofreciendo un servicio adaptado a la realidad actual del sistema judicial.<\/p>\n\n\n\n<p class=\"has-small-font-size\">Mi forma de trabajar se basa en una procuradur\u00eda moderna, \u00e1gil y eficiente, donde la organizaci\u00f3n, el uso de la tecnolog\u00eda y la cercan\u00eda con el cliente son pilares fundamentales. Entiendo cada procedimiento como \u00fanico, y por ello lo gestiono con la m\u00e1xima dedicaci\u00f3n, precisi\u00f3n y responsabilidad.<\/p>\n\n\n\n<p class=\"has-small-font-size\">Mi objetivo es garantizar que cada tr\u00e1mite procesal se lleve a cabo con rigor, puntualidad y plena seguridad jur\u00eddica, aportando tranquilidad tanto a letrados como a clientes durante todo el proceso.<\/p>\n\n\n\n<p class=\"has-small-font-size\">Trabajo con un enfoque orientado a la eficacia y la anticipaci\u00f3n, basado en:<\/p>\n\n\n\n<ul class=\"wp-block-list has-small-font-size\">\n<li>Digitalizaci\u00f3n y gesti\u00f3n telem\u00e1tica avanzada.<\/li>\n\n\n\n<li>Control riguroso y diario de plazos y notificaciones.<\/li>\n\n\n\n<li>Comunicaci\u00f3n r\u00e1pida, clara y constante.<\/li>\n\n\n\n<li class=\"has-small-font-size\">Capacidad de anticipaci\u00f3n ante posibles incidencias procesales.<\/li>\n\n\n\n<li>Actualizaci\u00f3n permanente en cambios normativos y tecnol\u00f3gicos.<\/li>\n<\/ul>\n\n\n\n<p class=\"is-style-text-subtitle has-small-font-size is-style-text-subtitle--2\">Concibo la procuradur\u00eda como un servicio clave dentro del procedimiento judicial, donde la profesionalidad, la confianza y la atenci\u00f3n personalizada marcan la diferencia.<\/p>\n\n\n\n<div class=\"wp-block-buttons is-layout-flex wp-block-buttons-is-layout-flex\">\n<div class=\"wp-block-button\"><a class=\"wp-block-button__link wp-element-button\" href=\"https:\/\/elenagarciaprocuradora.com\/index.php\/contacto\/\">Contactar<\/a><\/div>\n<\/div>\n\n\n\n<ul class=\"wp-block-social-links is-layout-flex wp-block-social-links-is-layout-flex\"><li class=\"wp-social-link wp-social-link-linkedin  wp-block-social-link\"><a href=\"https:\/\/www.linkedin.com\/in\/elena-garcia-alonso-9a70431bb\/\" class=\"wp-block-social-link-anchor\"><svg width=\"24\" height=\"24\" viewBox=\"0 0 24 24\" version=\"1.1\" xmlns=\"http:\/\/www.w3.org\/2000\/svg\" aria-hidden=\"true\" focusable=\"false\"><path d=\"M19.7,3H4.3C3.582,3,3,3.582,3,4.3v15.4C3,20.418,3.582,21,4.3,21h15.4c0.718,0,1.3-0.582,1.3-1.3V4.3 C21,3.582,20.418,3,19.7,3z M8.339,18.338H5.667v-8.59h2.672V18.338z M7.004,8.574c-0.857,0-1.549-0.694-1.549-1.548 c0-0.855,0.691-1.548,1.549-1.548c0.854,0,1.547,0.694,1.547,1.548C8.551,7.881,7.858,8.574,7.004,8.574z M18.339,18.338h-2.669 v-4.177c0-0.996-0.017-2.278-1.387-2.278c-1.389,0-1.601,1.086-1.601,2.206v4.249h-2.667v-8.59h2.559v1.174h0.037 c0.356-0.675,1.227-1.387,2.526-1.387c2.703,0,3.203,1.779,3.203,4.092V18.338z\"><\/path><\/svg><span class=\"wp-block-social-link-label screen-reader-text\">LinkedIn<\/span><\/a><\/li><\/ul>\n\n\n\n<p class=\"has-small-font-size\"><a href=\"https:\/\/directorio.cgpe.es\/DetColegiado.aspx?Id=39239&amp;UIHJ=N\" target=\"_blank\" rel=\"noreferrer noopener\">ICPG<\/a><\/p>\n<\/div>\n<\/div>\n\n\n\n<figure class=\"wp-block-image size-full has-custom-border is-style-default wp-container-content-5fd69529\"><img loading=\"lazy\" decoding=\"async\" width=\"1920\" height=\"2560\" src=\"https:\/\/elenagarciaprocuradora.com\/wp-content\/uploads\/2026\/04\/foto-Elena-scaled.jpg\" alt=\"\" class=\"wp-image-9\" style=\"border-top-left-radius:21px;border-top-right-radius:21px;border-bottom-left-radius:21px;border-bottom-right-radius:21px;object-fit:cover\" srcset=\"https:\/\/elenagarciaprocuradora.com\/wp-content\/uploads\/2026\/04\/foto-Elena-scaled.jpg 1920w, https:\/\/elenagarciaprocuradora.com\/wp-content\/uploads\/2026\/04\/foto-Elena-225x300.jpg 225w, https:\/\/elenagarciaprocuradora.com\/wp-content\/uploads\/2026\/04\/foto-Elena-768x1024.jpg 768w, https:\/\/elenagarciaprocuradora.com\/wp-content\/uploads\/2026\/04\/foto-Elena-1152x1536.jpg 1152w, https:\/\/elenagarciaprocuradora.com\/wp-content\/uploads\/2026\/04\/foto-Elena-1536x2048.jpg 1536w\" sizes=\"auto, (max-width: 1920px) 100vw, 1920px\" \/><\/figure>\n<\/div>\n","protected":false},"excerpt":{"rendered":"<p>Sobre m\u00ed Soy procuradora de los tribunales y desarrollo mi actividad profesional en las provincias de Barcelona, Girona y Madrid, ofreciendo un servicio adaptado a la realidad actual del sistema judicial. Mi forma de trabajar se basa en una procuradur\u00eda moderna, \u00e1gil y eficiente, donde la organizaci\u00f3n, el uso de la tecnolog\u00eda y la cercan\u00eda [&hellip;]<\/p>\n","protected":false},"author":1,"featured_media":0,"parent":0,"menu_order":0,"comment_status":"closed","ping_status":"closed","template":"page-no-title","meta":{"footnotes":""},"class_list":["post-177","page","type-page","status-publish","hentry"],"yoast_head":"<!-- This site is optimized with the Yoast SEO plugin v27.3 - https:\/\/yoast.com\/product\/yoast-seo-wordpress\/ -->\n<title>sobre m\u00ed<\/title>\n<meta name=\"description\" content=\"Sobre m\u00ed. Conoce a Elena Garcia, procuradora de los Tribunales en Girona, Barcelona y Madrid, con un enfoque moderno y \u00e1gil.\" \/>\n<meta name=\"robots\" content=\"index, follow, max-snippet:-1, max-image-preview:large, max-video-preview:-1\" \/>\n<link rel=\"canonical\" href=\"https:\/\/elenagarciaprocuradora.com\/index.php\/sobre-mi\/\" \/>\n<meta property=\"og:locale\" content=\"es_ES\" \/>\n<meta property=\"og:type\" content=\"article\" \/>\n<meta property=\"og:title\" content=\"sobre m\u00ed\" \/>\n<meta property=\"og:description\" content=\"Sobre m\u00ed. Conoce a Elena Garcia, procuradora de los Tribunales en Girona, Barcelona y Madrid, con un enfoque moderno y \u00e1gil.\" \/>\n<meta property=\"og:url\" content=\"https:\/\/elenagarciaprocuradora.com\/index.php\/sobre-mi\/\" \/>\n<meta property=\"og:site_name\" content=\"Elena Garcia Alonso\" \/>\n<meta property=\"article:modified_time\" content=\"2026-04-17T07:46:46+00:00\" \/>\n<meta property=\"og:image\" content=\"https:\/\/elenagarciaprocuradora.com\/wp-content\/uploads\/2026\/04\/foto-Elena-scaled.jpg\" \/>\n\t<meta property=\"og:image:width\" content=\"1920\" \/>\n\t<meta property=\"og:image:height\" content=\"2560\" \/>\n\t<meta property=\"og:image:type\" content=\"image\/jpeg\" \/>\n<meta name=\"twitter:card\" content=\"summary_large_image\" \/>\n<meta name=\"twitter:label1\" content=\"Tiempo de lectura\" \/>\n\t<meta name=\"twitter:data1\" content=\"2 minutos\" \/>\n<script type=\"application\/ld+json\" class=\"yoast-schema-graph\">{\"@context\":\"https:\\\/\\\/schema.org\",\"@graph\":[{\"@type\":\"WebPage\",\"@id\":\"https:\\\/\\\/elenagarciaprocuradora.com\\\/index.php\\\/sobre-mi\\\/\",\"url\":\"https:\\\/\\\/elenagarciaprocuradora.com\\\/index.php\\\/sobre-mi\\\/\",\"name\":\"sobre m\u00ed\",\"isPartOf\":{\"@id\":\"https:\\\/\\\/elenagarciaprocuradora.com\\\/#website\"},\"primaryImageOfPage\":{\"@id\":\"https:\\\/\\\/elenagarciaprocuradora.com\\\/index.php\\\/sobre-mi\\\/#primaryimage\"},\"image\":{\"@id\":\"https:\\\/\\\/elenagarciaprocuradora.com\\\/index.php\\\/sobre-mi\\\/#primaryimage\"},\"thumbnailUrl\":\"https:\\\/\\\/elenagarciaprocuradora.com\\\/wp-content\\\/uploads\\\/2026\\\/04\\\/foto-Elena-scaled.jpg\",\"datePublished\":\"2026-04-16T11:19:18+00:00\",\"dateModified\":\"2026-04-17T07:46:46+00:00\",\"description\":\"Sobre m\u00ed. Conoce a Elena Garcia, procuradora de los Tribunales en Girona, Barcelona y Madrid, con un enfoque moderno y \u00e1gil.\",\"breadcrumb\":{\"@id\":\"https:\\\/\\\/elenagarciaprocuradora.com\\\/index.php\\\/sobre-mi\\\/#breadcrumb\"},\"inLanguage\":\"es\",\"potentialAction\":[{\"@type\":\"ReadAction\",\"target\":[\"https:\\\/\\\/elenagarciaprocuradora.com\\\/index.php\\\/sobre-mi\\\/\"]}]},{\"@type\":\"ImageObject\",\"inLanguage\":\"es\",\"@id\":\"https:\\\/\\\/elenagarciaprocuradora.com\\\/index.php\\\/sobre-mi\\\/#primaryimage\",\"url\":\"https:\\\/\\\/elenagarciaprocuradora.com\\\/wp-content\\\/uploads\\\/2026\\\/04\\\/foto-Elena-scaled.jpg\",\"contentUrl\":\"https:\\\/\\\/elenagarciaprocuradora.com\\\/wp-content\\\/uploads\\\/2026\\\/04\\\/foto-Elena-scaled.jpg\",\"width\":1920,\"height\":2560},{\"@type\":\"BreadcrumbList\",\"@id\":\"https:\\\/\\\/elenagarciaprocuradora.com\\\/index.php\\\/sobre-mi\\\/#breadcrumb\",\"itemListElement\":[{\"@type\":\"ListItem\",\"position\":1,\"name\":\"Portada\",\"item\":\"https:\\\/\\\/elenagarciaprocuradora.com\\\/\"},{\"@type\":\"ListItem\",\"position\":2,\"name\":\"Sobre m\u00ed\"}]},{\"@type\":\"WebSite\",\"@id\":\"https:\\\/\\\/elenagarciaprocuradora.com\\\/#website\",\"url\":\"https:\\\/\\\/elenagarciaprocuradora.com\\\/\",\"name\":\"Elena Garcia Alonso\",\"description\":\"Procuradora dels tribunals\",\"publisher\":{\"@id\":\"https:\\\/\\\/elenagarciaprocuradora.com\\\/#organization\"},\"potentialAction\":[{\"@type\":\"SearchAction\",\"target\":{\"@type\":\"EntryPoint\",\"urlTemplate\":\"https:\\\/\\\/elenagarciaprocuradora.com\\\/?s={search_term_string}\"},\"query-input\":{\"@type\":\"PropertyValueSpecification\",\"valueRequired\":true,\"valueName\":\"search_term_string\"}}],\"inLanguage\":\"es\"},{\"@type\":\"Organization\",\"@id\":\"https:\\\/\\\/elenagarciaprocuradora.com\\\/#organization\",\"name\":\"Elena Garcia Alonso\",\"url\":\"https:\\\/\\\/elenagarciaprocuradora.com\\\/\",\"logo\":{\"@type\":\"ImageObject\",\"inLanguage\":\"es\",\"@id\":\"https:\\\/\\\/elenagarciaprocuradora.com\\\/#\\\/schema\\\/logo\\\/image\\\/\",\"url\":\"https:\\\/\\\/elenagarciaprocuradora.com\\\/wp-content\\\/uploads\\\/2026\\\/04\\\/74e45ecd-b0f2-49bd-bbb1-cf7cbc90d0b4.png\",\"contentUrl\":\"https:\\\/\\\/elenagarciaprocuradora.com\\\/wp-content\\\/uploads\\\/2026\\\/04\\\/74e45ecd-b0f2-49bd-bbb1-cf7cbc90d0b4.png\",\"width\":500,\"height\":500,\"caption\":\"Elena Garcia Alonso\"},\"image\":{\"@id\":\"https:\\\/\\\/elenagarciaprocuradora.com\\\/#\\\/schema\\\/logo\\\/image\\\/\"}}]}<\/script>\n<!-- \/ Yoast SEO plugin. -->","yoast_head_json":{"title":"sobre m\u00ed","description":"Sobre m\u00ed. Conoce a Elena Garcia, procuradora de los Tribunales en Girona, Barcelona y Madrid, con un enfoque moderno y \u00e1gil.","robots":{"index":"index","follow":"follow","max-snippet":"max-snippet:-1","max-image-preview":"max-image-preview:large","max-video-preview":"max-video-preview:-1"},"canonical":"https:\/\/elenagarciaprocuradora.com\/index.php\/sobre-mi\/","og_locale":"es_ES","og_type":"article","og_title":"sobre m\u00ed","og_description":"Sobre m\u00ed. Conoce a Elena Garcia, procuradora de los Tribunales en Girona, Barcelona y Madrid, con un enfoque moderno y \u00e1gil.","og_url":"https:\/\/elenagarciaprocuradora.com\/index.php\/sobre-mi\/","og_site_name":"Elena Garcia Alonso","article_modified_time":"2026-04-17T07:46:46+00:00","og_image":[{"width":1920,"height":2560,"url":"https:\/\/elenagarciaprocuradora.com\/wp-content\/uploads\/2026\/04\/foto-Elena-scaled.jpg","type":"image\/jpeg"}],"twitter_card":"summary_large_image","twitter_misc":{"Tiempo de lectura":"2 minutos"},"schema":{"@context":"https:\/\/schema.org","@graph":[{"@type":"WebPage","@id":"https:\/\/elenagarciaprocuradora.com\/index.php\/sobre-mi\/","url":"https:\/\/elenagarciaprocuradora.com\/index.php\/sobre-mi\/","name":"sobre m\u00ed","isPartOf":{"@id":"https:\/\/elenagarciaprocuradora.com\/#website"},"primaryImageOfPage":{"@id":"https:\/\/elenagarciaprocuradora.com\/index.php\/sobre-mi\/#primaryimage"},"image":{"@id":"https:\/\/elenagarciaprocuradora.com\/index.php\/sobre-mi\/#primaryimage"},"thumbnailUrl":"https:\/\/elenagarciaprocuradora.com\/wp-content\/uploads\/2026\/04\/foto-Elena-scaled.jpg","datePublished":"2026-04-16T11:19:18+00:00","dateModified":"2026-04-17T07:46:46+00:00","description":"Sobre m\u00ed. Conoce a Elena Garcia, procuradora de los Tribunales en Girona, Barcelona y Madrid, con un enfoque moderno y \u00e1gil.","breadcrumb":{"@id":"https:\/\/elenagarciaprocuradora.com\/index.php\/sobre-mi\/#breadcrumb"},"inLanguage":"es","potentialAction":[{"@type":"ReadAction","target":["https:\/\/elenagarciaprocuradora.com\/index.php\/sobre-mi\/"]}]},{"@type":"ImageObject","inLanguage":"es","@id":"https:\/\/elenagarciaprocuradora.com\/index.php\/sobre-mi\/#primaryimage","url":"https:\/\/elenagarciaprocuradora.com\/wp-content\/uploads\/2026\/04\/foto-Elena-scaled.jpg","contentUrl":"https:\/\/elenagarciaprocuradora.com\/wp-content\/uploads\/2026\/04\/foto-Elena-scaled.jpg","width":1920,"height":2560},{"@type":"BreadcrumbList","@id":"https:\/\/elenagarciaprocuradora.com\/index.php\/sobre-mi\/#breadcrumb","itemListElement":[{"@type":"ListItem","position":1,"name":"Portada","item":"https:\/\/elenagarciaprocuradora.com\/"},{"@type":"ListItem","position":2,"name":"Sobre m\u00ed"}]},{"@type":"WebSite","@id":"https:\/\/elenagarciaprocuradora.com\/#website","url":"https:\/\/elenagarciaprocuradora.com\/","name":"Elena Garcia Alonso","description":"Procuradora dels tribunals","publisher":{"@id":"https:\/\/elenagarciaprocuradora.com\/#organization"},"potentialAction":[{"@type":"SearchAction","target":{"@type":"EntryPoint","urlTemplate":"https:\/\/elenagarciaprocuradora.com\/?s={search_term_string}"},"query-input":{"@type":"PropertyValueSpecification","valueRequired":true,"valueName":"search_term_string"}}],"inLanguage":"es"},{"@type":"Organization","@id":"https:\/\/elenagarciaprocuradora.com\/#organization","name":"Elena Garcia Alonso","url":"https:\/\/elenagarciaprocuradora.com\/","logo":{"@type":"ImageObject","inLanguage":"es","@id":"https:\/\/elenagarciaprocuradora.com\/#\/schema\/logo\/image\/","url":"https:\/\/elenagarciaprocuradora.com\/wp-content\/uploads\/2026\/04\/74e45ecd-b0f2-49bd-bbb1-cf7cbc90d0b4.png","contentUrl":"https:\/\/elenagarciaprocuradora.com\/wp-content\/uploads\/2026\/04\/74e45ecd-b0f2-49bd-bbb1-cf7cbc90d0b4.png","width":500,"height":500,"caption":"Elena Garcia Alonso"},"image":{"@id":"https:\/\/elenagarciaprocuradora.com\/#\/schema\/logo\/image\/"}}]}},"_links":{"self":[{"href":"https:\/\/elenagarciaprocuradora.com\/index.php\/wp-json\/wp\/v2\/pages\/177","targetHints":{"allow":["GET"]}}],"collection":[{"href":"https:\/\/elenagarciaprocuradora.com\/index.php\/wp-json\/wp\/v2\/pages"}],"about":[{"href":"https:\/\/elenagarciaprocuradora.com\/index.php\/wp-json\/wp\/v2\/types\/page"}],"author":[{"embeddable":true,"href":"https:\/\/elenagarciaprocuradora.com\/index.php\/wp-json\/wp\/v2\/users\/1"}],"replies":[{"embeddable":true,"href":"https:\/\/elenagarciaprocuradora.com\/index.php\/wp-json\/wp\/v2\/comments?post=177"}],"version-history":[{"count":10,"href":"https:\/\/elenagarciaprocuradora.com\/index.php\/wp-json\/wp\/v2\/pages\/177\/revisions"}],"predecessor-version":[{"id":326,"href":"https:\/\/elenagarciaprocuradora.com\/index.php\/wp-json\/wp\/v2\/pages\/177\/revisions\/326"}],"wp:attachment":[{"href":"https:\/\/elenagarciaprocuradora.com\/index.php\/wp-json\/wp\/v2\/media?parent=177"}],"curies":[{"name":"wp","href":"https:\/\/api.w.org\/{rel}","templated":true}]}}