{"id":259,"date":"2026-04-16T15:41:03","date_gmt":"2026-04-16T15:41:03","guid":{"rendered":"https:\/\/elenagarciaprocuradora.com\/?page_id=259"},"modified":"2026-04-17T10:32:22","modified_gmt":"2026-04-17T10:32:22","slug":"aviso-legal","status":"publish","type":"page","link":"https:\/\/elenagarciaprocuradora.com\/index.php\/aviso-legal\/","title":{"rendered":"AVISO LEGAL"},"content":{"rendered":"\n<div class=\"wp-block-group alignfull is-layout-grid wp-container-core-group-is-layout-478b6e6b wp-block-group-is-layout-grid\"><\/div>\n\n\n\n<div class=\"wp-block-group alignfull is-layout-grid wp-container-core-group-is-layout-478b6e6b wp-block-group-is-layout-grid\"><\/div>\n\n\n\n<figure class=\"wp-block-image size-large has-custom-border\"><img loading=\"lazy\" decoding=\"async\" width=\"1024\" height=\"683\" src=\"https:\/\/elenagarciaprocuradora.com\/wp-content\/uploads\/2026\/04\/ChatGPT-Image-17-abr-2026-09_20_46-1-1024x683.jpg\" alt=\"\" class=\"wp-image-310\" style=\"border-top-left-radius:21px;border-top-right-radius:21px;border-bottom-left-radius:21px;border-bottom-right-radius:21px\" srcset=\"https:\/\/elenagarciaprocuradora.com\/wp-content\/uploads\/2026\/04\/ChatGPT-Image-17-abr-2026-09_20_46-1-1024x683.jpg 1024w, https:\/\/elenagarciaprocuradora.com\/wp-content\/uploads\/2026\/04\/ChatGPT-Image-17-abr-2026-09_20_46-1-300x200.jpg 300w, https:\/\/elenagarciaprocuradora.com\/wp-content\/uploads\/2026\/04\/ChatGPT-Image-17-abr-2026-09_20_46-1-768x512.jpg 768w, https:\/\/elenagarciaprocuradora.com\/wp-content\/uploads\/2026\/04\/ChatGPT-Image-17-abr-2026-09_20_46-1.jpg 1536w\" sizes=\"auto, (max-width: 1024px) 100vw, 1024px\" \/><\/figure>\n\n\n\n<h2 class=\"wp-block-heading has-medium-font-size\">1. Datos identificativos<\/h2>\n\n\n\n<p class=\"has-small-font-size\">En cumplimiento con el deber de informaci\u00f3n recogido en el art\u00edculo 10 de la Ley 34\/2002, de Servicios de la Sociedad de la Informaci\u00f3n y del Comercio Electr\u00f3nico (LSSI-CE), se facilitan los siguientes datos:<\/p>\n\n\n\n<ul class=\"wp-block-list has-small-font-size\">\n<li>Titular: <strong>Elena Garc\u00eda Alonso<\/strong><\/li>\n\n\n\n<li>Actividad: Procuradora de los Tribunales<\/li>\n\n\n\n<li>Domicilio profesional: <em>C\/ MORERIA, 4 17600 \u2013 FIGUERES GERONA<\/em><\/li>\n\n\n\n<li>Tel\u00e9fono: <strong>+34 689 89 32 89<\/strong><\/li>\n\n\n\n<li>Email: <strong><a>info@elenagarciaprocuradora.com<\/a><\/strong><\/li>\n\n\n\n<li>NIF: 41653680J<\/li>\n<\/ul>\n\n\n\n<hr class=\"wp-block-separator has-alpha-channel-opacity\"\/>\n\n\n\n<h2 class=\"wp-block-heading has-medium-font-size\">2. Objeto<\/h2>\n\n\n\n<p class=\"has-small-font-size\">El presente sitio web tiene como finalidad ofrecer informaci\u00f3n sobre los servicios profesionales de procuradur\u00eda prestados por Elena Garc\u00eda Alonso, as\u00ed como facilitar el contacto con potenciales clientes.<\/p>\n\n\n\n<p class=\"has-small-font-size\">El acceso y navegaci\u00f3n por este sitio web atribuye la condici\u00f3n de usuario, implicando la aceptaci\u00f3n plena y sin reservas de todas las disposiciones incluidas en este Aviso Legal.<\/p>\n\n\n\n<hr class=\"wp-block-separator has-alpha-channel-opacity\"\/>\n\n\n\n<h2 class=\"wp-block-heading has-medium-font-size\">3. Condiciones de uso<\/h2>\n\n\n\n<p class=\"has-small-font-size\">El usuario se compromete a hacer un uso adecuado de los contenidos del sitio web y a no emplearlos para:<\/p>\n\n\n\n<ul class=\"wp-block-list has-small-font-size\">\n<li>Realizar actividades il\u00edcitas o contrarias a la buena fe y al orden p\u00fablico<\/li>\n\n\n\n<li>Difundir contenidos de car\u00e1cter ilegal, ofensivo o discriminatorio<\/li>\n\n\n\n<li>Provocar da\u00f1os en los sistemas f\u00edsicos o l\u00f3gicos del sitio web<\/li>\n<\/ul>\n\n\n\n<p class=\"has-small-font-size\">La titular se reserva el derecho de retirar cualquier contenido o comentario que vulnere estas condiciones.<\/p>\n\n\n\n<hr class=\"wp-block-separator has-alpha-channel-opacity\"\/>\n\n\n\n<h2 class=\"wp-block-heading has-medium-font-size\">4. Propiedad intelectual e industrial<\/h2>\n\n\n\n<p class=\"has-small-font-size\">Todos los contenidos del sitio web (textos, im\u00e1genes, logotipos, dise\u00f1o, estructura, etc.) son propiedad de la titular o cuentan con licencia para su uso, estando protegidos por la normativa de propiedad intelectual e industrial.<\/p>\n\n\n\n<p class=\"has-small-font-size\">Queda prohibida su reproducci\u00f3n, distribuci\u00f3n o modificaci\u00f3n sin autorizaci\u00f3n expresa.<\/p>\n\n\n\n<hr class=\"wp-block-separator has-alpha-channel-opacity\"\/>\n\n\n\n<h2 class=\"wp-block-heading has-medium-font-size\">5. Responsabilidad<\/h2>\n\n\n\n<p class=\"has-small-font-size\">La titular no se hace responsable de:<\/p>\n\n\n\n<ul class=\"wp-block-list has-small-font-size\">\n<li>Los errores u omisiones en los contenidos<\/li>\n\n\n\n<li>La falta de disponibilidad del sitio web<\/li>\n\n\n\n<li>La transmisi\u00f3n de virus o programas maliciosos<\/li>\n<\/ul>\n\n\n\n<p class=\"has-small-font-size\">No obstante, se adoptar\u00e1n todas las medidas necesarias para evitar este tipo de incidencias.<\/p>\n\n\n\n<hr class=\"wp-block-separator has-alpha-channel-opacity\"\/>\n\n\n\n<h2 class=\"wp-block-heading has-medium-font-size\">6. Enlaces externos<\/h2>\n\n\n\n<p class=\"has-small-font-size\">Este sitio web puede contener enlaces a p\u00e1ginas de terceros. La titular no se responsabiliza del contenido, pol\u00edticas o pr\u00e1cticas de dichos sitios externos.<\/p>\n\n\n\n<hr class=\"wp-block-separator has-alpha-channel-opacity\"\/>\n\n\n\n<h2 class=\"wp-block-heading has-medium-font-size\">7. Protecci\u00f3n de datos<\/h2>\n\n\n\n<p class=\"has-small-font-size\">Los datos personales recogidos a trav\u00e9s del sitio web ser\u00e1n tratados conforme a lo establecido en la normativa vigente en materia de protecci\u00f3n de datos.<\/p>\n\n\n\n<p class=\"has-small-font-size\">Para m\u00e1s informaci\u00f3n, consulta la <strong>Pol\u00edtica de Privacidad<\/strong>.<\/p>\n\n\n\n<hr class=\"wp-block-separator has-alpha-channel-opacity\"\/>\n\n\n\n<h2 class=\"wp-block-heading has-medium-font-size\">8. Legislaci\u00f3n aplicable<\/h2>\n\n\n\n<p class=\"has-small-font-size\">La relaci\u00f3n entre la titular y el usuario se regir\u00e1 por la normativa espa\u00f1ola vigente.<br>Cualquier controversia se someter\u00e1 a los juzgados y tribunales que correspondan.<\/p>\n\n\n\n<div class=\"wp-block-group alignfull is-layout-grid wp-container-core-group-is-layout-478b6e6b wp-block-group-is-layout-grid\"><\/div>\n\n\n\n<div class=\"wp-block-group alignfull is-layout-grid wp-container-core-group-is-layout-478b6e6b wp-block-group-is-layout-grid\"><\/div>\n","protected":false},"excerpt":{"rendered":"<p>1. Datos identificativos En cumplimiento con el deber de informaci\u00f3n recogido en el art\u00edculo 10 de la Ley 34\/2002, de Servicios de la Sociedad de la Informaci\u00f3n y del Comercio Electr\u00f3nico (LSSI-CE), se facilitan los siguientes datos: 2. Objeto El presente sitio web tiene como finalidad ofrecer informaci\u00f3n sobre los servicios profesionales de procuradur\u00eda prestados [&hellip;]<\/p>\n","protected":false},"author":1,"featured_media":0,"parent":0,"menu_order":0,"comment_status":"closed","ping_status":"closed","template":"","meta":{"footnotes":""},"class_list":["post-259","page","type-page","status-publish","hentry"],"yoast_head":"<!-- This site is optimized with the Yoast SEO plugin v27.3 - https:\/\/yoast.com\/product\/yoast-seo-wordpress\/ -->\n<title>Aviso Legal<\/title>\n<meta name=\"description\" content=\"Consulta el aviso legal del sitio web con informaci\u00f3n sobre titularidad, condiciones de uso, responsabilidades y normativa aplicable.\" \/>\n<meta name=\"robots\" content=\"index, follow, max-snippet:-1, max-image-preview:large, max-video-preview:-1\" \/>\n<link rel=\"canonical\" href=\"https:\/\/elenagarciaprocuradora.com\/index.php\/aviso-legal\/\" \/>\n<meta property=\"og:locale\" content=\"es_ES\" \/>\n<meta property=\"og:type\" content=\"article\" \/>\n<meta property=\"og:title\" content=\"Aviso Legal\" \/>\n<meta property=\"og:description\" content=\"Consulta el aviso legal del sitio web con informaci\u00f3n sobre titularidad, condiciones de uso, responsabilidades y normativa aplicable.\" \/>\n<meta property=\"og:url\" content=\"https:\/\/elenagarciaprocuradora.com\/index.php\/aviso-legal\/\" \/>\n<meta property=\"og:site_name\" content=\"Elena Garcia Alonso\" \/>\n<meta property=\"article:modified_time\" content=\"2026-04-17T10:32:22+00:00\" \/>\n<meta property=\"og:image\" content=\"https:\/\/elenagarciaprocuradora.com\/wp-content\/uploads\/2026\/04\/ChatGPT-Image-17-abr-2026-09_20_46-1.jpg\" \/>\n\t<meta property=\"og:image:width\" content=\"1536\" \/>\n\t<meta property=\"og:image:height\" content=\"1024\" \/>\n\t<meta property=\"og:image:type\" content=\"image\/jpeg\" \/>\n<meta name=\"twitter:card\" content=\"summary_large_image\" \/>\n<meta name=\"twitter:label1\" content=\"Tiempo de lectura\" \/>\n\t<meta name=\"twitter:data1\" content=\"2 minutos\" \/>\n<script type=\"application\/ld+json\" class=\"yoast-schema-graph\">{\"@context\":\"https:\\\/\\\/schema.org\",\"@graph\":[{\"@type\":\"WebPage\",\"@id\":\"https:\\\/\\\/elenagarciaprocuradora.com\\\/index.php\\\/aviso-legal\\\/\",\"url\":\"https:\\\/\\\/elenagarciaprocuradora.com\\\/index.php\\\/aviso-legal\\\/\",\"name\":\"Aviso Legal\",\"isPartOf\":{\"@id\":\"https:\\\/\\\/elenagarciaprocuradora.com\\\/#website\"},\"primaryImageOfPage\":{\"@id\":\"https:\\\/\\\/elenagarciaprocuradora.com\\\/index.php\\\/aviso-legal\\\/#primaryimage\"},\"image\":{\"@id\":\"https:\\\/\\\/elenagarciaprocuradora.com\\\/index.php\\\/aviso-legal\\\/#primaryimage\"},\"thumbnailUrl\":\"https:\\\/\\\/elenagarciaprocuradora.com\\\/wp-content\\\/uploads\\\/2026\\\/04\\\/ChatGPT-Image-17-abr-2026-09_20_46-1-1024x683.jpg\",\"datePublished\":\"2026-04-16T15:41:03+00:00\",\"dateModified\":\"2026-04-17T10:32:22+00:00\",\"description\":\"Consulta el aviso legal del sitio web con informaci\u00f3n sobre titularidad, condiciones de uso, responsabilidades y normativa aplicable.\",\"breadcrumb\":{\"@id\":\"https:\\\/\\\/elenagarciaprocuradora.com\\\/index.php\\\/aviso-legal\\\/#breadcrumb\"},\"inLanguage\":\"es\",\"potentialAction\":[{\"@type\":\"ReadAction\",\"target\":[\"https:\\\/\\\/elenagarciaprocuradora.com\\\/index.php\\\/aviso-legal\\\/\"]}]},{\"@type\":\"ImageObject\",\"inLanguage\":\"es\",\"@id\":\"https:\\\/\\\/elenagarciaprocuradora.com\\\/index.php\\\/aviso-legal\\\/#primaryimage\",\"url\":\"https:\\\/\\\/elenagarciaprocuradora.com\\\/wp-content\\\/uploads\\\/2026\\\/04\\\/ChatGPT-Image-17-abr-2026-09_20_46-1.jpg\",\"contentUrl\":\"https:\\\/\\\/elenagarciaprocuradora.com\\\/wp-content\\\/uploads\\\/2026\\\/04\\\/ChatGPT-Image-17-abr-2026-09_20_46-1.jpg\",\"width\":1536,\"height\":1024},{\"@type\":\"BreadcrumbList\",\"@id\":\"https:\\\/\\\/elenagarciaprocuradora.com\\\/index.php\\\/aviso-legal\\\/#breadcrumb\",\"itemListElement\":[{\"@type\":\"ListItem\",\"position\":1,\"name\":\"Portada\",\"item\":\"https:\\\/\\\/elenagarciaprocuradora.com\\\/\"},{\"@type\":\"ListItem\",\"position\":2,\"name\":\"AVISO LEGAL\"}]},{\"@type\":\"WebSite\",\"@id\":\"https:\\\/\\\/elenagarciaprocuradora.com\\\/#website\",\"url\":\"https:\\\/\\\/elenagarciaprocuradora.com\\\/\",\"name\":\"Elena Garcia Alonso\",\"description\":\"Procuradora dels tribunals\",\"publisher\":{\"@id\":\"https:\\\/\\\/elenagarciaprocuradora.com\\\/#organization\"},\"potentialAction\":[{\"@type\":\"SearchAction\",\"target\":{\"@type\":\"EntryPoint\",\"urlTemplate\":\"https:\\\/\\\/elenagarciaprocuradora.com\\\/?s={search_term_string}\"},\"query-input\":{\"@type\":\"PropertyValueSpecification\",\"valueRequired\":true,\"valueName\":\"search_term_string\"}}],\"inLanguage\":\"es\"},{\"@type\":\"Organization\",\"@id\":\"https:\\\/\\\/elenagarciaprocuradora.com\\\/#organization\",\"name\":\"Elena Garcia Alonso\",\"url\":\"https:\\\/\\\/elenagarciaprocuradora.com\\\/\",\"logo\":{\"@type\":\"ImageObject\",\"inLanguage\":\"es\",\"@id\":\"https:\\\/\\\/elenagarciaprocuradora.com\\\/#\\\/schema\\\/logo\\\/image\\\/\",\"url\":\"https:\\\/\\\/elenagarciaprocuradora.com\\\/wp-content\\\/uploads\\\/2026\\\/04\\\/74e45ecd-b0f2-49bd-bbb1-cf7cbc90d0b4.png\",\"contentUrl\":\"https:\\\/\\\/elenagarciaprocuradora.com\\\/wp-content\\\/uploads\\\/2026\\\/04\\\/74e45ecd-b0f2-49bd-bbb1-cf7cbc90d0b4.png\",\"width\":500,\"height\":500,\"caption\":\"Elena Garcia Alonso\"},\"image\":{\"@id\":\"https:\\\/\\\/elenagarciaprocuradora.com\\\/#\\\/schema\\\/logo\\\/image\\\/\"}}]}<\/script>\n<!-- \/ Yoast SEO plugin. -->","yoast_head_json":{"title":"Aviso Legal","description":"Consulta el aviso legal del sitio web con informaci\u00f3n sobre titularidad, condiciones de uso, responsabilidades y normativa aplicable.","robots":{"index":"index","follow":"follow","max-snippet":"max-snippet:-1","max-image-preview":"max-image-preview:large","max-video-preview":"max-video-preview:-1"},"canonical":"https:\/\/elenagarciaprocuradora.com\/index.php\/aviso-legal\/","og_locale":"es_ES","og_type":"article","og_title":"Aviso Legal","og_description":"Consulta el aviso legal del sitio web con informaci\u00f3n sobre titularidad, condiciones de uso, responsabilidades y normativa aplicable.","og_url":"https:\/\/elenagarciaprocuradora.com\/index.php\/aviso-legal\/","og_site_name":"Elena Garcia Alonso","article_modified_time":"2026-04-17T10:32:22+00:00","og_image":[{"width":1536,"height":1024,"url":"https:\/\/elenagarciaprocuradora.com\/wp-content\/uploads\/2026\/04\/ChatGPT-Image-17-abr-2026-09_20_46-1.jpg","type":"image\/jpeg"}],"twitter_card":"summary_large_image","twitter_misc":{"Tiempo de lectura":"2 minutos"},"schema":{"@context":"https:\/\/schema.org","@graph":[{"@type":"WebPage","@id":"https:\/\/elenagarciaprocuradora.com\/index.php\/aviso-legal\/","url":"https:\/\/elenagarciaprocuradora.com\/index.php\/aviso-legal\/","name":"Aviso Legal","isPartOf":{"@id":"https:\/\/elenagarciaprocuradora.com\/#website"},"primaryImageOfPage":{"@id":"https:\/\/elenagarciaprocuradora.com\/index.php\/aviso-legal\/#primaryimage"},"image":{"@id":"https:\/\/elenagarciaprocuradora.com\/index.php\/aviso-legal\/#primaryimage"},"thumbnailUrl":"https:\/\/elenagarciaprocuradora.com\/wp-content\/uploads\/2026\/04\/ChatGPT-Image-17-abr-2026-09_20_46-1-1024x683.jpg","datePublished":"2026-04-16T15:41:03+00:00","dateModified":"2026-04-17T10:32:22+00:00","description":"Consulta el aviso legal del sitio web con informaci\u00f3n sobre titularidad, condiciones de uso, responsabilidades y normativa aplicable.","breadcrumb":{"@id":"https:\/\/elenagarciaprocuradora.com\/index.php\/aviso-legal\/#breadcrumb"},"inLanguage":"es","potentialAction":[{"@type":"ReadAction","target":["https:\/\/elenagarciaprocuradora.com\/index.php\/aviso-legal\/"]}]},{"@type":"ImageObject","inLanguage":"es","@id":"https:\/\/elenagarciaprocuradora.com\/index.php\/aviso-legal\/#primaryimage","url":"https:\/\/elenagarciaprocuradora.com\/wp-content\/uploads\/2026\/04\/ChatGPT-Image-17-abr-2026-09_20_46-1.jpg","contentUrl":"https:\/\/elenagarciaprocuradora.com\/wp-content\/uploads\/2026\/04\/ChatGPT-Image-17-abr-2026-09_20_46-1.jpg","width":1536,"height":1024},{"@type":"BreadcrumbList","@id":"https:\/\/elenagarciaprocuradora.com\/index.php\/aviso-legal\/#breadcrumb","itemListElement":[{"@type":"ListItem","position":1,"name":"Portada","item":"https:\/\/elenagarciaprocuradora.com\/"},{"@type":"ListItem","position":2,"name":"AVISO LEGAL"}]},{"@type":"WebSite","@id":"https:\/\/elenagarciaprocuradora.com\/#website","url":"https:\/\/elenagarciaprocuradora.com\/","name":"Elena Garcia Alonso","description":"Procuradora dels tribunals","publisher":{"@id":"https:\/\/elenagarciaprocuradora.com\/#organization"},"potentialAction":[{"@type":"SearchAction","target":{"@type":"EntryPoint","urlTemplate":"https:\/\/elenagarciaprocuradora.com\/?s={search_term_string}"},"query-input":{"@type":"PropertyValueSpecification","valueRequired":true,"valueName":"search_term_string"}}],"inLanguage":"es"},{"@type":"Organization","@id":"https:\/\/elenagarciaprocuradora.com\/#organization","name":"Elena Garcia Alonso","url":"https:\/\/elenagarciaprocuradora.com\/","logo":{"@type":"ImageObject","inLanguage":"es","@id":"https:\/\/elenagarciaprocuradora.com\/#\/schema\/logo\/image\/","url":"https:\/\/elenagarciaprocuradora.com\/wp-content\/uploads\/2026\/04\/74e45ecd-b0f2-49bd-bbb1-cf7cbc90d0b4.png","contentUrl":"https:\/\/elenagarciaprocuradora.com\/wp-content\/uploads\/2026\/04\/74e45ecd-b0f2-49bd-bbb1-cf7cbc90d0b4.png","width":500,"height":500,"caption":"Elena Garcia Alonso"},"image":{"@id":"https:\/\/elenagarciaprocuradora.com\/#\/schema\/logo\/image\/"}}]}},"_links":{"self":[{"href":"https:\/\/elenagarciaprocuradora.com\/index.php\/wp-json\/wp\/v2\/pages\/259","targetHints":{"allow":["GET"]}}],"collection":[{"href":"https:\/\/elenagarciaprocuradora.com\/index.php\/wp-json\/wp\/v2\/pages"}],"about":[{"href":"https:\/\/elenagarciaprocuradora.com\/index.php\/wp-json\/wp\/v2\/types\/page"}],"author":[{"embeddable":true,"href":"https:\/\/elenagarciaprocuradora.com\/index.php\/wp-json\/wp\/v2\/users\/1"}],"replies":[{"embeddable":true,"href":"https:\/\/elenagarciaprocuradora.com\/index.php\/wp-json\/wp\/v2\/comments?post=259"}],"version-history":[{"count":5,"href":"https:\/\/elenagarciaprocuradora.com\/index.php\/wp-json\/wp\/v2\/pages\/259\/revisions"}],"predecessor-version":[{"id":346,"href":"https:\/\/elenagarciaprocuradora.com\/index.php\/wp-json\/wp\/v2\/pages\/259\/revisions\/346"}],"wp:attachment":[{"href":"https:\/\/elenagarciaprocuradora.com\/index.php\/wp-json\/wp\/v2\/media?parent=259"}],"curies":[{"name":"wp","href":"https:\/\/api.w.org\/{rel}","templated":true}]}}